{"id":89,"date":"2011-09-14T21:05:56","date_gmt":"2011-09-14T21:05:56","guid":{"rendered":"http:\/\/www.temel-art.de\/wordpress\/?page_id=89"},"modified":"2018-05-23T17:10:14","modified_gmt":"2018-05-23T15:10:14","slug":"portfolio","status":"publish","type":"page","link":"http:\/\/www.temel-art.de\/wordpress\/portfolio\/","title":{"rendered":"Portfolio"},"content":{"rendered":"<p>Auf den hier verlinkten Feldern finden Sie verschiedene Beispiele f\u00fcr meine Arbeitsfelder. Zu meinen T\u00e4tigkeiten geh\u00f6rt eine breite Palette, die von <strong>Webdesign<\/strong>, <strong>Corporate Design<\/strong>, <strong>Printlayout<\/strong> &amp; Design bis hin zu grafischen <strong>Illustrationen<\/strong> und <strong>Comics<\/strong> reicht.<br \/>\nIch arbeite vor allem mit der Adobe Suite, Photoshop, InDesign und Illustrator, Erfahrung beim Erstellen von Webseiten habe ich bisher mit WordPress und Typo3. Bei weiteren Fragen <a title=\"Auftr\u00e4ge\" href=\"mailto:thekla@temel-art.de\"><strong>schreiben Sie mich an<\/strong><\/a>.<\/p>\n<p>&nbsp;<\/p>\n<div class=\"su-row\">\n<div class=\"su-column su-column-size-1-2\"><div class=\"su-column-inner su-u-clearfix su-u-trim\"> <a href=\"http:\/\/www.temel-art.de\/wordpress\/portfolio\/webdesign\/\" class=\"su-button su-button-style-default\" style=\"color:#676767;background-color:#fbf6d7;border-color:#c9c5ac;border-radius:10px;-moz-border-radius:10px;-webkit-border-radius:10px\" target=\"_self\"><span style=\"color:#676767;padding:0px 26px;font-size:20px;line-height:40px;border-color:#fdf9e3;border-radius:10px;-moz-border-radius:10px;-webkit-border-radius:10px;text-shadow:0px 0px 0px #000000;-moz-text-shadow:0px 0px 0px #000000;-webkit-text-shadow:0px 0px 0px #000000\"> Webdesign<small style=\"padding-bottom:8px;color:#676767\">Auswahl von Webprojekten, WordPress oder Typo3<\/small><\/span><\/a><\/div><\/div>\n<div class=\"su-column su-column-size-1-2\"><div class=\"su-column-inner su-u-clearfix su-u-trim\"> <a href=\"http:\/\/www.temel-art.de\/wordpress\/portfolio\/design-und-infografiken\/\" class=\"su-button su-button-style-default\" style=\"color:#676767;background-color:#fdeaf7;border-color:#cbbcc6;border-radius:10px;-moz-border-radius:10px;-webkit-border-radius:10px\" target=\"_self\"><span style=\"color:#676767;padding:0px 26px;font-size:20px;line-height:40px;border-color:#fef1fa;border-radius:10px;-moz-border-radius:10px;-webkit-border-radius:10px;text-shadow:0px 0px 0px #000000;-moz-text-shadow:0px 0px 0px #000000;-webkit-text-shadow:0px 0px 0px #000000\"> Design &amp; Layouts<small style=\"padding-bottom:8px;color:#676767\">Corporate Designs, Infografiken, Printlayouts<\/small><\/span><\/a><\/div><\/div>\n<\/div>\n<div class=\"su-row\">\n<div class=\"su-column su-column-size-1-2\"><div class=\"su-column-inner su-u-clearfix su-u-trim\"> <a href=\"http:\/\/www.temel-art.de\/wordpress\/portfolio\/illustrationen\/\" class=\"su-button su-button-style-default\" style=\"color:#676767;background-color:#edfdea;border-color:#becbbc;border-radius:10px;-moz-border-radius:10px;-webkit-border-radius:10px\" target=\"_self\"><span style=\"color:#676767;padding:0px 26px;font-size:20px;line-height:40px;border-color:#f3fef1;border-radius:10px;-moz-border-radius:10px;-webkit-border-radius:10px;text-shadow:0px 0px 0px #000000;-moz-text-shadow:0px 0px 0px #000000;-webkit-text-shadow:0px 0px 0px #000000\"> Illustrationen<small style=\"padding-bottom:8px;color:#676767\">Auswahl verschiedenster Illustrationen und Auftragsarbeiten<\/small><\/span><\/a><\/div><\/div>\n<div class=\"su-column su-column-size-1-2\"><div class=\"su-column-inner su-u-clearfix su-u-trim\"> <a href=\"http:\/\/www.temel-art.de\/wordpress\/portfolio\/aquarell\/\" class=\"su-button su-button-style-default\" style=\"color:#676767;background-color:#eaf4fd;border-color:#bcc4cb;border-radius:10px;-moz-border-radius:10px;-webkit-border-radius:10px\" target=\"_self\"><span style=\"color:#676767;padding:0px 26px;font-size:20px;line-height:40px;border-color:#f1f8fe;border-radius:10px;-moz-border-radius:10px;-webkit-border-radius:10px;text-shadow:0px 0px 0px #000000;-moz-text-shadow:0px 0px 0px #000000;-webkit-text-shadow:0px 0px 0px #000000\"> Aquarell<small style=\"padding-bottom:8px;color:#676767\">Auswahl verschiedenster handkolorierter Arbeiten<\/small><\/span><\/a><\/div><\/div>\n<\/div>\n","protected":false},"excerpt":{"rendered":"<p>Auf den hier verlinkten Feldern finden Sie verschiedene Beispiele f\u00fcr meine Arbeitsfelder. Zu meinen T\u00e4tigkeiten geh\u00f6rt eine breite Palette, die von Webdesign, Corporate Design, Printlayout &amp; Design bis hin zu grafischen Illustrationen und Comics reicht. Ich arbeite vor allem mit [&hellip;]<\/p>\n","protected":false},"author":1,"featured_media":0,"parent":0,"menu_order":3,"comment_status":"closed","ping_status":"closed","template":"","meta":{"footnotes":""},"post_mailing_queue_ids":[],"_links":{"self":[{"href":"http:\/\/www.temel-art.de\/wordpress\/wp-json\/wp\/v2\/pages\/89"}],"collection":[{"href":"http:\/\/www.temel-art.de\/wordpress\/wp-json\/wp\/v2\/pages"}],"about":[{"href":"http:\/\/www.temel-art.de\/wordpress\/wp-json\/wp\/v2\/types\/page"}],"author":[{"embeddable":true,"href":"http:\/\/www.temel-art.de\/wordpress\/wp-json\/wp\/v2\/users\/1"}],"replies":[{"embeddable":true,"href":"http:\/\/www.temel-art.de\/wordpress\/wp-json\/wp\/v2\/comments?post=89"}],"version-history":[{"count":23,"href":"http:\/\/www.temel-art.de\/wordpress\/wp-json\/wp\/v2\/pages\/89\/revisions"}],"predecessor-version":[{"id":3115,"href":"http:\/\/www.temel-art.de\/wordpress\/wp-json\/wp\/v2\/pages\/89\/revisions\/3115"}],"wp:attachment":[{"href":"http:\/\/www.temel-art.de\/wordpress\/wp-json\/wp\/v2\/media?parent=89"}],"curies":[{"name":"wp","href":"https:\/\/api.w.org\/{rel}","templated":true}]}}